{"id":17088,"date":"2025-05-15T11:24:28","date_gmt":"2025-05-15T11:24:28","guid":{"rendered":"https:\/\/nueva.romeuprenafeta.com\/politica-de-privacidad\/"},"modified":"2025-11-11T10:33:23","modified_gmt":"2025-11-11T10:33:23","slug":"politica-de-privacidad","status":"publish","type":"page","link":"https:\/\/romeuprenafeta.com\/es\/politica-de-privacidad\/","title":{"rendered":"Pol\u00edtica de privacidad"},"content":{"rendered":"\t\t<div data-elementor-type=\"wp-page\" data-elementor-id=\"17088\" class=\"elementor elementor-17088 elementor-15404\" data-elementor-post-type=\"page\">\n\t\t\t\t<div class=\"elementor-element elementor-element-412de9a e-flex e-con-boxed e-con e-parent\" data-id=\"412de9a\" data-element_type=\"container\">\n\t\t\t\t\t<div class=\"e-con-inner\">\n\t\t\t\t<div class=\"elementor-element elementor-element-f203baa elementor-widget elementor-widget-heading\" data-id=\"f203baa\" data-element_type=\"widget\" data-widget_type=\"heading.default\">\n\t\t\t\t<div class=\"elementor-widget-container\">\n\t\t\t\t\t<h2 class=\"elementor-heading-title elementor-size-default\">Romeu Prenafeta es una agencia de marketing digital que ofrece servicios vinculados a social media, desarrollo web, creaci\u00f3n gr\u00e1fica y v\u00eddeo, publicidad y formaci\u00f3n.<\/h2>\t\t\t\t<\/div>\n\t\t\t\t<\/div>\n\t\t\t\t<div class=\"elementor-element elementor-element-b37eb44 elementor-widget elementor-widget-text-editor\" data-id=\"b37eb44\" data-element_type=\"widget\" data-widget_type=\"text-editor.default\">\n\t\t\t\t<div class=\"elementor-widget-container\">\n\t\t\t\t\t\t\t\t\t<p>ROMEU YUSTE, S.L. informa a los usuarios del sitio web sobre su pol\u00edtica respecto al tratamiento y protecci\u00f3n de los datos de car\u00e1cter personal de los usuarios y clientes.<\/p>\t\t\t\t\t\t\t\t<\/div>\n\t\t\t\t<\/div>\n\t\t\t\t<div class=\"elementor-element elementor-element-d660e91 elementor-widget elementor-widget-text-editor\" data-id=\"d660e91\" data-element_type=\"widget\" data-widget_type=\"text-editor.default\">\n\t\t\t\t<div class=\"elementor-widget-container\">\n\t\t\t\t\t\t\t\t\t<p>Y garantiza en todo momento el \u00edntegro y pleno cumplimiento de las obligaciones dispuestas por la normativa de protecci\u00f3n de datos y servicios de la sociedad de la informaci\u00f3n: Reglamento (UE) 2016\/679 del Parlamento Europeo y del Consejo, de 27 de abril de 2016, relativo a la protecci\u00f3n de las personas f\u00edsicas en lo que respecta al tratamiento de datos personales y a la libre circulaci\u00f3n de estos datos (RGPD), la normativa Ley Org\u00e1nica 3\/2018, de 5 de diciembre, de Protecci\u00f3n de Datos Personales y garant\u00eda de los derechos digitales (LOPDGDD) y la Ley 34\/2002, de 11 de julio, de Servicios de la Sociedad de la Informaci\u00f3n y del Comercio Electr\u00f3nico (LSSIce).<\/p>\t\t\t\t\t\t\t\t<\/div>\n\t\t\t\t<\/div>\n\t\t\t\t<div class=\"elementor-element elementor-element-4ada372 elementor-widget elementor-widget-heading\" data-id=\"4ada372\" data-element_type=\"widget\" data-widget_type=\"heading.default\">\n\t\t\t\t<div class=\"elementor-widget-container\">\n\t\t\t\t\t<h2 class=\"elementor-heading-title elementor-size-default\">RESPONSABLE DEL TRATAMIENTO<\/h2>\t\t\t\t<\/div>\n\t\t\t\t<\/div>\n\t\t\t\t<div class=\"elementor-element elementor-element-32d6b96 elementor-widget elementor-widget-text-editor\" data-id=\"32d6b96\" data-element_type=\"widget\" data-widget_type=\"text-editor.default\">\n\t\t\t\t<div class=\"elementor-widget-container\">\n\t\t\t\t\t\t\t\t\t<ul><li>ROMEU YUSTE, S.L.<\/li><li>C.I.F.: B25815382<\/li><li>Domicilio: C\/ T\u00e9rmens 6, pl 1. 25190 Lleida <\/li><li>Datos registrales: Registro Mercantil de Lleida, Tomo 1.471, Folio 108, Hoja L-29.695, Inscripci\u00f3n 1.\u00aa, Fecha 23 de agosto de 2016.<\/li><li>Tel\u00e9fono: 973670770<\/li><li>Correo electr\u00f3nico: hola@romeuprenafeta.com<\/li><\/ul>\t\t\t\t\t\t\t\t<\/div>\n\t\t\t\t<\/div>\n\t\t\t\t<div class=\"elementor-element elementor-element-b1df8d0 elementor-widget elementor-widget-heading\" data-id=\"b1df8d0\" data-element_type=\"widget\" data-widget_type=\"heading.default\">\n\t\t\t\t<div class=\"elementor-widget-container\">\n\t\t\t\t\t<h2 class=\"elementor-heading-title elementor-size-default\">FINALIDADES DEL TRATAMIENTO DE LOS DATOS\n\n<\/h2>\t\t\t\t<\/div>\n\t\t\t\t<\/div>\n\t\t\t\t<div class=\"elementor-element elementor-element-72be281 elementor-widget elementor-widget-text-editor\" data-id=\"72be281\" data-element_type=\"widget\" data-widget_type=\"text-editor.default\">\n\t\t\t\t<div class=\"elementor-widget-container\">\n\t\t\t\t\t\t\t\t\t<p>Los datos facilitados por el Usuario se utilizan para diversas finalidades que se enumeran a continuaci\u00f3n:<\/p>\t\t\t\t\t\t\t\t<\/div>\n\t\t\t\t<\/div>\n\t\t\t\t<div class=\"elementor-element elementor-element-bcbe513 elementor-widget elementor-widget-text-editor\" data-id=\"bcbe513\" data-element_type=\"widget\" data-widget_type=\"text-editor.default\">\n\t\t\t\t<div class=\"elementor-widget-container\">\n\t\t\t\t\t\t\t\t\t<table width=\"584\"><tbody><tr><td width=\"291\"><p><strong>Finalidad del tratamiento <\/strong><\/p><\/td><td width=\"293\"><p><strong>Base jur\u00eddica para el tratamiento<\/strong><\/p><\/td><\/tr><tr><td width=\"291\"><p>Gestionar las consultas planteadas a trav\u00e9s de los formularios web.<\/p><\/td><td width=\"293\"><p>Inter\u00e9s leg\u00edtimo de la Sociedad para atender los requerimientos de informaci\u00f3n a trav\u00e9s de la web.<\/p><p>Consentimiento prestado de manera expresa en el momento de recogida de los datos a trav\u00e9s de los formularios web.<\/p><\/td><\/tr><tr><td width=\"291\"><p>Env\u00edo de newsletters, comunicaciones comerciales y promociones.<\/p><\/td><td width=\"293\"><p>Consentimiento prestado de manera expresa en el momento de recogida de los datos a trav\u00e9s de los formularios web.<\/p><\/td><\/tr><tr><td width=\"291\"><p>Gestionar las incidencias y el mantenimiento de la web.<\/p><\/td><td width=\"293\"><p>Inter\u00e9s leg\u00edtimo de la Sociedad.<\/p><\/td><\/tr><\/tbody><\/table>\t\t\t\t\t\t\t\t<\/div>\n\t\t\t\t<\/div>\n\t\t\t\t<div class=\"elementor-element elementor-element-2b5b049 elementor-widget elementor-widget-heading\" data-id=\"2b5b049\" data-element_type=\"widget\" data-widget_type=\"heading.default\">\n\t\t\t\t<div class=\"elementor-widget-container\">\n\t\t\t\t\t<h2 class=\"elementor-heading-title elementor-size-default\">PLAZO DE CONSERVACI\u00d3N DE LOS DATOS\n<\/h2>\t\t\t\t<\/div>\n\t\t\t\t<\/div>\n\t\t\t\t<div class=\"elementor-element elementor-element-e35dcbc elementor-widget elementor-widget-text-editor\" data-id=\"e35dcbc\" data-element_type=\"widget\" data-widget_type=\"text-editor.default\">\n\t\t\t\t<div class=\"elementor-widget-container\">\n\t\t\t\t\t\t\t\t\t<table width=\"584\"><tbody><tr><td width=\"291\"><p><strong>Finalidad del tratamiento<\/strong><\/p><\/td><td width=\"293\"><p><strong>Plazo de conservaci\u00f3n<\/strong><\/p><\/td><\/tr><tr><td width=\"291\"><p>Gestionar las consultas planteadas a trav\u00e9s de los formularios web.<\/p><\/td><td width=\"293\"><p>Trataremos tus datos durante el tiempo que sea necesario para atender tu solicitud o petici\u00f3n.<\/p><\/td><\/tr><tr><td width=\"291\"><p>Env\u00edo de newsletters, comunicaciones comerciales y promociones.<\/p><\/td><td width=\"293\"><p>Trataremos tus datos hasta que te des de baja.<\/p><\/td><\/tr><tr><td width=\"291\"><p>Gestionar las incidencias y el mantenimiento de la web.<\/p><\/td><td width=\"293\"><p>Tratamos sus datos durante el tiempo necesario para cumplir con los plazos legales de prescripci\u00f3n que le sean aplicables.<\/p><\/td><\/tr><\/tbody><\/table>\t\t\t\t\t\t\t\t<\/div>\n\t\t\t\t<\/div>\n\t\t\t\t<div class=\"elementor-element elementor-element-e8e1274 elementor-widget elementor-widget-heading\" data-id=\"e8e1274\" data-element_type=\"widget\" data-widget_type=\"heading.default\">\n\t\t\t\t<div class=\"elementor-widget-container\">\n\t\t\t\t\t<h2 class=\"elementor-heading-title elementor-size-default\">DESTINATARIOS DE LOS DATOS\n\n<\/h2>\t\t\t\t<\/div>\n\t\t\t\t<\/div>\n\t\t\t\t<div class=\"elementor-element elementor-element-9260104 elementor-widget elementor-widget-text-editor\" data-id=\"9260104\" data-element_type=\"widget\" data-widget_type=\"text-editor.default\">\n\t\t\t\t<div class=\"elementor-widget-container\">\n\t\t\t\t\t\t\t\t\t<p>Para cumplir con las finalidades indicadas en esta Pol\u00edtica de Privacidad, es necesario que demos acceso a tus datos personales a terceros que nos apoyan en los servicios que te ofrecemos (Encargados del Tratamiento).<\/p>\t\t\t\t\t\t\t\t<\/div>\n\t\t\t\t<\/div>\n\t\t\t\t<div class=\"elementor-element elementor-element-ebbda13 elementor-widget elementor-widget-text-editor\" data-id=\"ebbda13\" data-element_type=\"widget\" data-widget_type=\"text-editor.default\">\n\t\t\t\t<div class=\"elementor-widget-container\">\n\t\t\t\t\t\t\t\t\t<p>Los encargados del tratamiento para la ejecuci\u00f3n de un contrato o prestaci\u00f3n de un servicio al Responsable, siguiendo en todo momento sus instrucciones y asegurando los mismos niveles de seguridad.<\/p>\t\t\t\t\t\t\t\t<\/div>\n\t\t\t\t<\/div>\n\t\t\t\t<div class=\"elementor-element elementor-element-55e6352 elementor-widget elementor-widget-heading\" data-id=\"55e6352\" data-element_type=\"widget\" data-widget_type=\"heading.default\">\n\t\t\t\t<div class=\"elementor-widget-container\">\n\t\t\t\t\t<h2 class=\"elementor-heading-title elementor-size-default\">DERECHOS DE LOS USUARIOS\n\n\n<\/h2>\t\t\t\t<\/div>\n\t\t\t\t<\/div>\n\t\t\t\t<div class=\"elementor-element elementor-element-9fc6bd6 elementor-widget elementor-widget-text-editor\" data-id=\"9fc6bd6\" data-element_type=\"widget\" data-widget_type=\"text-editor.default\">\n\t\t\t\t<div class=\"elementor-widget-container\">\n\t\t\t\t\t\t\t\t\t<ul><li>Solicitar el acceso a sus datos personales que se est\u00e1n tratando y recibir esta informaci\u00f3n por escrito a trav\u00e9s del medio solicitado.<\/li><li>Solicitar la rectificaci\u00f3n de los datos personales inexactos o, en su caso, solicitar su supresi\u00f3n cuando, entre otros motivos, los datos ya no sean necesarios para la finalidad para la que fueron recogidos.<\/li><li>Solicitar la limitaci\u00f3n del tratamiento de sus datos.<\/li><li>Oponerse al tratamiento de sus datos personales cuando proceda; en este caso, se dejar\u00e1 de tratar sus datos excepto por motivos leg\u00edtimos.<\/li><li>Derecho a la portabilidad de los datos. El interesado o interesada tiene derecho a recibir los datos personales que haya facilitado en un formato estructurado, de uso com\u00fan y de lectura mec\u00e1nica, y a transmitirlos a otro responsable, si se cumplen los siguientes requisitos: <\/li><\/ul>\t\t\t\t\t\t\t\t<\/div>\n\t\t\t\t<\/div>\n\t\t\t\t<div class=\"elementor-element elementor-element-edb1a58 elementor-widget elementor-widget-text-editor\" data-id=\"edb1a58\" data-element_type=\"widget\" data-widget_type=\"text-editor.default\">\n\t\t\t\t<div class=\"elementor-widget-container\">\n\t\t\t\t\t\t\t\t\t<ol><li>El tratamiento se basa en el consentimiento o en un contrato.<\/li><li>El tratamiento se realiza por medios automatizados.<\/li><\/ol>\t\t\t\t\t\t\t\t<\/div>\n\t\t\t\t<\/div>\n\t\t\t\t<div class=\"elementor-element elementor-element-b931d0f elementor-widget elementor-widget-text-editor\" data-id=\"b931d0f\" data-element_type=\"widget\" data-widget_type=\"text-editor.default\">\n\t\t\t\t<div class=\"elementor-widget-container\">\n\t\t\t\t\t\t\t\t\t<ul><li>Derecho a retirar el consentimiento prestado.<\/li><li>Derecho a presentar reclamaci\u00f3n ante la Agencia Espa\u00f1ola de Protecci\u00f3n de Datos.<\/li><\/ul>\t\t\t\t\t\t\t\t<\/div>\n\t\t\t\t<\/div>\n\t\t\t\t<div class=\"elementor-element elementor-element-e990a90 elementor-widget elementor-widget-text-editor\" data-id=\"e990a90\" data-element_type=\"widget\" data-widget_type=\"text-editor.default\">\n\t\t\t\t<div class=\"elementor-widget-container\">\n\t\t\t\t\t\t\t\t\t<p>El Usuario puede ejercer los derechos anteriormente indicados en la direcci\u00f3n postal o electr\u00f3nica del Responsable, acreditando su identidad con una copia escaneada de su DNI o documento equivalente, y especificando el derecho que desea ejercer.<\/p>\t\t\t\t\t\t\t\t<\/div>\n\t\t\t\t<\/div>\n\t\t\t\t<div class=\"elementor-element elementor-element-d6272a5 elementor-widget elementor-widget-heading\" data-id=\"d6272a5\" data-element_type=\"widget\" data-widget_type=\"heading.default\">\n\t\t\t\t<div class=\"elementor-widget-container\">\n\t\t\t\t\t<h2 class=\"elementor-heading-title elementor-size-default\">PROCEDENCIA DE LOS DATOS\n\n\n\n<\/h2>\t\t\t\t<\/div>\n\t\t\t\t<\/div>\n\t\t\t\t<div class=\"elementor-element elementor-element-8897912 elementor-widget elementor-widget-text-editor\" data-id=\"8897912\" data-element_type=\"widget\" data-widget_type=\"text-editor.default\">\n\t\t\t\t<div class=\"elementor-widget-container\">\n\t\t\t\t\t\t\t\t\t<p>Los datos personales deben ser facilitados por el propio interesado de forma absolutamente voluntaria. La falta de algunos datos o la no respuesta a preguntas que puedan formularse a la persona interesada en los procesos de registro o a trav\u00e9s de formularios electr\u00f3nicos puede provocar la imposibilidad de acceso a determinados servicios para cuya prestaci\u00f3n es imprescindible disponer de dichos datos de car\u00e1cter personal. En este caso, el Responsable del Tratamiento debe informar del car\u00e1cter obligatorio o necesario de facilitar los datos personales para el funcionamiento del servicio.  <\/p>\t\t\t\t\t\t\t\t<\/div>\n\t\t\t\t<\/div>\n\t\t\t\t<div class=\"elementor-element elementor-element-a3a3713 elementor-widget elementor-widget-text-editor\" data-id=\"a3a3713\" data-element_type=\"widget\" data-widget_type=\"text-editor.default\">\n\t\t\t\t<div class=\"elementor-widget-container\">\n\t\t\t\t\t\t\t\t\t<p>El Responsable asegura la confidencialidad de sus datos personales y garantiza su seguridad, adoptando las medidas necesarias para evitar su alteraci\u00f3n, p\u00e9rdida, tratamiento o acceso no autorizado.<\/p>\t\t\t\t\t\t\t\t<\/div>\n\t\t\t\t<\/div>\n\t\t\t\t<div class=\"elementor-element elementor-element-c8f0048 elementor-widget elementor-widget-heading\" data-id=\"c8f0048\" data-element_type=\"widget\" data-widget_type=\"heading.default\">\n\t\t\t\t<div class=\"elementor-widget-container\">\n\t\t\t\t\t<h2 class=\"elementor-heading-title elementor-size-default\">INFORMACI\u00d3N FACILITADA POR EL INTERESADO\/LA INTERESADA\n\n\n\n\n<\/h2>\t\t\t\t<\/div>\n\t\t\t\t<\/div>\n\t\t\t\t<div class=\"elementor-element elementor-element-78ac36d elementor-widget elementor-widget-text-editor\" data-id=\"78ac36d\" data-element_type=\"widget\" data-widget_type=\"text-editor.default\">\n\t\t\t\t<div class=\"elementor-widget-container\">\n\t\t\t\t\t\t\t\t\t<p>Los menores de 18 a\u00f1os no pueden ceder sus datos personales sin el previo consentimiento de su padre\/madre y\/o tutores legales.<\/p>\t\t\t\t\t\t\t\t<\/div>\n\t\t\t\t<\/div>\n\t\t\t\t<div class=\"elementor-element elementor-element-f2af38f elementor-widget elementor-widget-text-editor\" data-id=\"f2af38f\" data-element_type=\"widget\" data-widget_type=\"text-editor.default\">\n\t\t\t\t<div class=\"elementor-widget-container\">\n\t\t\t\t\t\t\t\t\t<p>El interesado o interesada, al introducir sus datos en los formularios de contacto o en formularios de descarga, acepta expresamente y de forma libre e inequ\u00edvoca que sus datos son necesarios para que el Responsable atienda su petici\u00f3n, siendo voluntaria la inclusi\u00f3n de datos en los campos restantes.<\/p>\t\t\t\t\t\t\t\t<\/div>\n\t\t\t\t<\/div>\n\t\t\t\t<div class=\"elementor-element elementor-element-ca736ea elementor-widget elementor-widget-text-editor\" data-id=\"ca736ea\" data-element_type=\"widget\" data-widget_type=\"text-editor.default\">\n\t\t\t\t<div class=\"elementor-widget-container\">\n\t\t\t\t\t\t\t\t\t<p>El interesado o interesada garantiza que los datos personales facilitados al prestador son veraces y se responsabiliza de comunicar cualquier modificaci\u00f3n de los mismos.<\/p>\t\t\t\t\t\t\t\t<\/div>\n\t\t\t\t<\/div>\n\t\t\t\t<div class=\"elementor-element elementor-element-304839b elementor-widget elementor-widget-text-editor\" data-id=\"304839b\" data-element_type=\"widget\" data-widget_type=\"text-editor.default\">\n\t\t\t\t<div class=\"elementor-widget-container\">\n\t\t\t\t\t\t\t\t\t<p>Todos los datos solicitados a trav\u00e9s del sitio web son necesarios para la prestaci\u00f3n de un servicio \u00f3ptimo al interesado o interesada. En caso de que no se faciliten todos los datos, no se garantiza que la informaci\u00f3n y los servicios que el Responsable le proporcione sean completamente ajustados a sus necesidades. <\/p>\t\t\t\t\t\t\t\t<\/div>\n\t\t\t\t<\/div>\n\t\t\t\t<div class=\"elementor-element elementor-element-95f7879 elementor-widget elementor-widget-heading\" data-id=\"95f7879\" data-element_type=\"widget\" data-widget_type=\"heading.default\">\n\t\t\t\t<div class=\"elementor-widget-container\">\n\t\t\t\t\t<h2 class=\"elementor-heading-title elementor-size-default\">MEDIDAS DE SEGURIDAD\n\n\n\n\n\n<\/h2>\t\t\t\t<\/div>\n\t\t\t\t<\/div>\n\t\t\t\t<div class=\"elementor-element elementor-element-0d8c49f elementor-widget elementor-widget-text-editor\" data-id=\"0d8c49f\" data-element_type=\"widget\" data-widget_type=\"text-editor.default\">\n\t\t\t\t<div class=\"elementor-widget-container\">\n\t\t\t\t\t\t\t\t\t<p>Que, de conformidad con lo dispuesto en las normativas vigentes en materia de protecci\u00f3n de datos personales, el Responsable est\u00e1 cumpliendo con todas las disposiciones de las normativas RGPD y LOPDGDD para el tratamiento de los datos personales bajo su responsabilidad, y manifiestamente con los principios descritos en el art\u00edculo 5 del RGPD y en el art\u00edculo 4 de la LOPDGDD, por los cuales los datos son tratados de manera l\u00edcita, leal y transparente en relaci\u00f3n con el interesado, y son adecuados, pertinentes y limitados a lo necesario en relaci\u00f3n con los fines para los que son tratados.<\/p>\t\t\t\t\t\t\t\t<\/div>\n\t\t\t\t<\/div>\n\t\t\t\t<div class=\"elementor-element elementor-element-57ee8bc elementor-widget elementor-widget-text-editor\" data-id=\"57ee8bc\" data-element_type=\"widget\" data-widget_type=\"text-editor.default\">\n\t\t\t\t<div class=\"elementor-widget-container\">\n\t\t\t\t\t\t\t\t\t<p>El Responsable garantiza que ha implementado pol\u00edticas t\u00e9cnicas y organizativas apropiadas para aplicar las medidas de seguridad establecidas por el RGPD y la LOPDGDD, con el fin de proteger los derechos y libertades del interesado o interesada, y ha comunicado la informaci\u00f3n adecuada para que puedan ejercerlos.<\/p>\t\t\t\t\t\t\t\t<\/div>\n\t\t\t\t<\/div>\n\t\t\t\t<div class=\"elementor-element elementor-element-2063a65 elementor-widget elementor-widget-heading\" data-id=\"2063a65\" data-element_type=\"widget\" data-widget_type=\"heading.default\">\n\t\t\t\t<div class=\"elementor-widget-container\">\n\t\t\t\t\t<h2 class=\"elementor-heading-title elementor-size-default\"> BRECHAS DE SEGURIDAD\n\n\n\n\n<\/h2>\t\t\t\t<\/div>\n\t\t\t\t<\/div>\n\t\t\t\t<div class=\"elementor-element elementor-element-4fad986 elementor-widget elementor-widget-text-editor\" data-id=\"4fad986\" data-element_type=\"widget\" data-widget_type=\"text-editor.default\">\n\t\t\t\t<div class=\"elementor-widget-container\">\n\t\t\t\t\t\t\t\t\t<p>El Responsable informar\u00e1 sobre cualquier brecha de seguridad que afecte la base de datos utilizada por este sitio web, o que afecte a cualquiera de nuestros servicios de terceros, a todas y cada una de las personas cuyos datos puedan haber sido afectados, as\u00ed como a las autoridades, dentro de las 72 horas siguientes a la detecci\u00f3n de la brecha.<\/p>\t\t\t\t\t\t\t\t<\/div>\n\t\t\t\t<\/div>\n\t\t\t\t<div class=\"elementor-element elementor-element-c188ee2 elementor-widget elementor-widget-heading\" data-id=\"c188ee2\" data-element_type=\"widget\" data-widget_type=\"heading.default\">\n\t\t\t\t<div class=\"elementor-widget-container\">\n\t\t\t\t\t<h2 class=\"elementor-heading-title elementor-size-default\">LEGISLACI\u00d3N APLICABLE Y JURISDICCI\u00d3N\n\n<\/h2>\t\t\t\t<\/div>\n\t\t\t\t<\/div>\n\t\t\t\t<div class=\"elementor-element elementor-element-0012d24 elementor-widget elementor-widget-text-editor\" data-id=\"0012d24\" data-element_type=\"widget\" data-widget_type=\"text-editor.default\">\n\t\t\t\t<div class=\"elementor-widget-container\">\n\t\t\t\t\t\t\t\t\t<p>Se reserva la facultad de presentar las acciones civiles o penales que considere necesarias por la utilizaci\u00f3n indebida del sitio web y contenidos.<\/p>\t\t\t\t\t\t\t\t<\/div>\n\t\t\t\t<\/div>\n\t\t\t\t<div class=\"elementor-element elementor-element-ddc8d59 elementor-widget elementor-widget-text-editor\" data-id=\"ddc8d59\" data-element_type=\"widget\" data-widget_type=\"text-editor.default\">\n\t\t\t\t<div class=\"elementor-widget-container\">\n\t\t\t\t\t\t\t\t\t<p>La relaci\u00f3n entre el Usuario y el Responsable se regir\u00e1 por la normativa vigente y aplicable en el territorio espa\u00f1ol. En caso de surgir cualquier controversia relacionada con la interpretaci\u00f3n y\/o aplicaci\u00f3n, las partes someter\u00e1n sus conflictos a la jurisdicci\u00f3n ordinaria, someti\u00e9ndose a los jueces y tribunales que correspondan conforme a derecho. <\/p>\t\t\t\t\t\t\t\t<\/div>\n\t\t\t\t<\/div>\n\t\t\t\t\t<\/div>\n\t\t\t\t<\/div>\n\t\t\t\t<\/div>\n\t\t","protected":false},"excerpt":{"rendered":"<p>Romeu Prenafeta es una agencia de marketing digital que ofrece servicios vinculados a social media, desarrollo web, creaci\u00f3n gr\u00e1fica y v\u00eddeo, publicidad y formaci\u00f3n. ROMEU YUSTE, S.L. informa a los usuarios del sitio web sobre su pol\u00edtica respecto al tratamiento y protecci\u00f3n de los datos de car\u00e1cter personal de los usuarios y clientes. Y garantiza [&hellip;]<\/p>\n","protected":false},"author":1,"featured_media":0,"parent":0,"menu_order":0,"comment_status":"closed","ping_status":"closed","template":"elementor_header_footer","meta":{"footnotes":""},"class_list":["post-17088","page","type-page","status-publish","hentry"],"yoast_head":"<!-- This site is optimized with the Yoast SEO plugin v26.4 - https:\/\/yoast.com\/wordpress\/plugins\/seo\/ -->\n<title>Pol\u00edtica de privacidad | Romeu Prenafeta<\/title>\n<meta name=\"robots\" content=\"index, follow, max-snippet:-1, max-image-preview:large, max-video-preview:-1\" \/>\n<link rel=\"canonical\" href=\"https:\/\/romeuprenafeta.com\/es\/politica-de-privacidad\/\" \/>\n<meta property=\"og:locale\" content=\"es_ES\" \/>\n<meta property=\"og:type\" content=\"article\" \/>\n<meta property=\"og:title\" content=\"Pol\u00edtica de privacidad | Romeu Prenafeta\" \/>\n<meta property=\"og:description\" content=\"Romeu Prenafeta es una agencia de marketing digital que ofrece servicios vinculados a social media, desarrollo web, creaci\u00f3n gr\u00e1fica y v\u00eddeo, publicidad y formaci\u00f3n. ROMEU YUSTE, S.L. informa a los usuarios del sitio web sobre su pol\u00edtica respecto al tratamiento y protecci\u00f3n de los datos de car\u00e1cter personal de los usuarios y clientes. Y garantiza [&hellip;]\" \/>\n<meta property=\"og:url\" content=\"https:\/\/romeuprenafeta.com\/es\/politica-de-privacidad\/\" \/>\n<meta property=\"og:site_name\" content=\"Romeu Prenafeta\" \/>\n<meta property=\"article:publisher\" content=\"https:\/\/www.facebook.com\/romeuprenafeta\" \/>\n<meta property=\"article:modified_time\" content=\"2025-11-11T10:33:23+00:00\" \/>\n<meta name=\"twitter:card\" content=\"summary_large_image\" \/>\n<meta name=\"twitter:site\" content=\"@RomeuPrenafeta_\" \/>\n<meta name=\"twitter:label1\" content=\"Tiempo de lectura\" \/>\n\t<meta name=\"twitter:data1\" content=\"7 minutos\" \/>\n<script type=\"application\/ld+json\" class=\"yoast-schema-graph\">{\"@context\":\"https:\/\/schema.org\",\"@graph\":[{\"@type\":\"WebPage\",\"@id\":\"https:\/\/romeuprenafeta.com\/es\/politica-de-privacidad\/\",\"url\":\"https:\/\/romeuprenafeta.com\/es\/politica-de-privacidad\/\",\"name\":\"Pol\u00edtica de privacidad | Romeu Prenafeta\",\"isPartOf\":{\"@id\":\"https:\/\/romeuprenafeta.com\/es\/#website\"},\"datePublished\":\"2025-05-15T11:24:28+00:00\",\"dateModified\":\"2025-11-11T10:33:23+00:00\",\"breadcrumb\":{\"@id\":\"https:\/\/romeuprenafeta.com\/es\/politica-de-privacidad\/#breadcrumb\"},\"inLanguage\":\"es\",\"potentialAction\":[{\"@type\":\"ReadAction\",\"target\":[\"https:\/\/romeuprenafeta.com\/es\/politica-de-privacidad\/\"]}]},{\"@type\":\"BreadcrumbList\",\"@id\":\"https:\/\/romeuprenafeta.com\/es\/politica-de-privacidad\/#breadcrumb\",\"itemListElement\":[{\"@type\":\"ListItem\",\"position\":1,\"name\":\"Inici\",\"item\":\"https:\/\/romeuprenafeta.com\/es\/romeu-prenafeta\/\"},{\"@type\":\"ListItem\",\"position\":2,\"name\":\"Pol\u00edtica de privacidad\"}]},{\"@type\":\"WebSite\",\"@id\":\"https:\/\/romeuprenafeta.com\/es\/#website\",\"url\":\"https:\/\/romeuprenafeta.com\/es\/\",\"name\":\"Romeu Prenafeta\",\"description\":\"\",\"publisher\":{\"@id\":\"https:\/\/romeuprenafeta.com\/es\/#organization\"},\"potentialAction\":[{\"@type\":\"SearchAction\",\"target\":{\"@type\":\"EntryPoint\",\"urlTemplate\":\"https:\/\/romeuprenafeta.com\/es\/?s={search_term_string}\"},\"query-input\":{\"@type\":\"PropertyValueSpecification\",\"valueRequired\":true,\"valueName\":\"search_term_string\"}}],\"inLanguage\":\"es\"},{\"@type\":\"Organization\",\"@id\":\"https:\/\/romeuprenafeta.com\/es\/#organization\",\"name\":\"Romeu Prenafeta\",\"url\":\"https:\/\/romeuprenafeta.com\/es\/\",\"logo\":{\"@type\":\"ImageObject\",\"inLanguage\":\"es\",\"@id\":\"https:\/\/romeuprenafeta.com\/es\/#\/schema\/logo\/image\/\",\"url\":\"https:\/\/romeuprenafeta.com\/wp-content\/uploads\/2025\/06\/cropped-RP_2024_Logo-blanc-verd-2.png\",\"contentUrl\":\"https:\/\/romeuprenafeta.com\/wp-content\/uploads\/2025\/06\/cropped-RP_2024_Logo-blanc-verd-2.png\",\"width\":2351,\"height\":1357,\"caption\":\"Romeu Prenafeta\"},\"image\":{\"@id\":\"https:\/\/romeuprenafeta.com\/es\/#\/schema\/logo\/image\/\"},\"sameAs\":[\"https:\/\/www.facebook.com\/romeuprenafeta\",\"https:\/\/x.com\/RomeuPrenafeta_\",\"https:\/\/www.linkedin.com\/company\/romeu-prenafeta\",\"https:\/\/www.instagram.com\/romeuprenafeta\",\"https:\/\/www.youtube.com\/channel\/UCIYJP_52XR_qaQxfrS7twOw\",\"https:\/\/www.tiktok.com\/@romeuprenafeta\"]}]}<\/script>\n<!-- \/ Yoast SEO plugin. -->","yoast_head_json":{"title":"Pol\u00edtica de privacidad | Romeu Prenafeta","robots":{"index":"index","follow":"follow","max-snippet":"max-snippet:-1","max-image-preview":"max-image-preview:large","max-video-preview":"max-video-preview:-1"},"canonical":"https:\/\/romeuprenafeta.com\/es\/politica-de-privacidad\/","og_locale":"es_ES","og_type":"article","og_title":"Pol\u00edtica de privacidad | Romeu Prenafeta","og_description":"Romeu Prenafeta es una agencia de marketing digital que ofrece servicios vinculados a social media, desarrollo web, creaci\u00f3n gr\u00e1fica y v\u00eddeo, publicidad y formaci\u00f3n. ROMEU YUSTE, S.L. informa a los usuarios del sitio web sobre su pol\u00edtica respecto al tratamiento y protecci\u00f3n de los datos de car\u00e1cter personal de los usuarios y clientes. Y garantiza [&hellip;]","og_url":"https:\/\/romeuprenafeta.com\/es\/politica-de-privacidad\/","og_site_name":"Romeu Prenafeta","article_publisher":"https:\/\/www.facebook.com\/romeuprenafeta","article_modified_time":"2025-11-11T10:33:23+00:00","twitter_card":"summary_large_image","twitter_site":"@RomeuPrenafeta_","twitter_misc":{"Tiempo de lectura":"7 minutos"},"schema":{"@context":"https:\/\/schema.org","@graph":[{"@type":"WebPage","@id":"https:\/\/romeuprenafeta.com\/es\/politica-de-privacidad\/","url":"https:\/\/romeuprenafeta.com\/es\/politica-de-privacidad\/","name":"Pol\u00edtica de privacidad | Romeu Prenafeta","isPartOf":{"@id":"https:\/\/romeuprenafeta.com\/es\/#website"},"datePublished":"2025-05-15T11:24:28+00:00","dateModified":"2025-11-11T10:33:23+00:00","breadcrumb":{"@id":"https:\/\/romeuprenafeta.com\/es\/politica-de-privacidad\/#breadcrumb"},"inLanguage":"es","potentialAction":[{"@type":"ReadAction","target":["https:\/\/romeuprenafeta.com\/es\/politica-de-privacidad\/"]}]},{"@type":"BreadcrumbList","@id":"https:\/\/romeuprenafeta.com\/es\/politica-de-privacidad\/#breadcrumb","itemListElement":[{"@type":"ListItem","position":1,"name":"Inici","item":"https:\/\/romeuprenafeta.com\/es\/romeu-prenafeta\/"},{"@type":"ListItem","position":2,"name":"Pol\u00edtica de privacidad"}]},{"@type":"WebSite","@id":"https:\/\/romeuprenafeta.com\/es\/#website","url":"https:\/\/romeuprenafeta.com\/es\/","name":"Romeu Prenafeta","description":"","publisher":{"@id":"https:\/\/romeuprenafeta.com\/es\/#organization"},"potentialAction":[{"@type":"SearchAction","target":{"@type":"EntryPoint","urlTemplate":"https:\/\/romeuprenafeta.com\/es\/?s={search_term_string}"},"query-input":{"@type":"PropertyValueSpecification","valueRequired":true,"valueName":"search_term_string"}}],"inLanguage":"es"},{"@type":"Organization","@id":"https:\/\/romeuprenafeta.com\/es\/#organization","name":"Romeu Prenafeta","url":"https:\/\/romeuprenafeta.com\/es\/","logo":{"@type":"ImageObject","inLanguage":"es","@id":"https:\/\/romeuprenafeta.com\/es\/#\/schema\/logo\/image\/","url":"https:\/\/romeuprenafeta.com\/wp-content\/uploads\/2025\/06\/cropped-RP_2024_Logo-blanc-verd-2.png","contentUrl":"https:\/\/romeuprenafeta.com\/wp-content\/uploads\/2025\/06\/cropped-RP_2024_Logo-blanc-verd-2.png","width":2351,"height":1357,"caption":"Romeu Prenafeta"},"image":{"@id":"https:\/\/romeuprenafeta.com\/es\/#\/schema\/logo\/image\/"},"sameAs":["https:\/\/www.facebook.com\/romeuprenafeta","https:\/\/x.com\/RomeuPrenafeta_","https:\/\/www.linkedin.com\/company\/romeu-prenafeta","https:\/\/www.instagram.com\/romeuprenafeta","https:\/\/www.youtube.com\/channel\/UCIYJP_52XR_qaQxfrS7twOw","https:\/\/www.tiktok.com\/@romeuprenafeta"]}]}},"_links":{"self":[{"href":"https:\/\/romeuprenafeta.com\/es\/wp-json\/wp\/v2\/pages\/17088","targetHints":{"allow":["GET"]}}],"collection":[{"href":"https:\/\/romeuprenafeta.com\/es\/wp-json\/wp\/v2\/pages"}],"about":[{"href":"https:\/\/romeuprenafeta.com\/es\/wp-json\/wp\/v2\/types\/page"}],"author":[{"embeddable":true,"href":"https:\/\/romeuprenafeta.com\/es\/wp-json\/wp\/v2\/users\/1"}],"replies":[{"embeddable":true,"href":"https:\/\/romeuprenafeta.com\/es\/wp-json\/wp\/v2\/comments?post=17088"}],"version-history":[{"count":2,"href":"https:\/\/romeuprenafeta.com\/es\/wp-json\/wp\/v2\/pages\/17088\/revisions"}],"predecessor-version":[{"id":22052,"href":"https:\/\/romeuprenafeta.com\/es\/wp-json\/wp\/v2\/pages\/17088\/revisions\/22052"}],"wp:attachment":[{"href":"https:\/\/romeuprenafeta.com\/es\/wp-json\/wp\/v2\/media?parent=17088"}],"curies":[{"name":"wp","href":"https:\/\/api.w.org\/{rel}","templated":true}]}}