{"id":16968,"date":"2025-05-15T11:52:35","date_gmt":"2025-05-15T11:52:35","guid":{"rendered":"https:\/\/nueva.romeuprenafeta.com\/aviso-legal\/"},"modified":"2025-11-11T10:26:10","modified_gmt":"2025-11-11T10:26:10","slug":"aviso-legal","status":"publish","type":"page","link":"https:\/\/romeuprenafeta.com\/es\/aviso-legal\/","title":{"rendered":"Aviso legal"},"content":{"rendered":"\t\t<div data-elementor-type=\"wp-page\" data-elementor-id=\"16968\" class=\"elementor elementor-16968 elementor-15450\" data-elementor-post-type=\"page\">\n\t\t\t\t<div class=\"elementor-element elementor-element-412de9a e-flex e-con-boxed e-con e-parent\" data-id=\"412de9a\" data-element_type=\"container\">\n\t\t\t\t\t<div class=\"e-con-inner\">\n\t\t\t\t<div class=\"elementor-element elementor-element-4ada372 elementor-widget elementor-widget-heading\" data-id=\"4ada372\" data-element_type=\"widget\" data-widget_type=\"heading.default\">\n\t\t\t\t<div class=\"elementor-widget-container\">\n\t\t\t\t\t<h2 class=\"elementor-heading-title elementor-size-default\">TITULAR DE LA WEB<\/h2>\t\t\t\t<\/div>\n\t\t\t\t<\/div>\n\t\t\t\t<div class=\"elementor-element elementor-element-32d6b96 elementor-widget elementor-widget-text-editor\" data-id=\"32d6b96\" data-element_type=\"widget\" data-widget_type=\"text-editor.default\">\n\t\t\t\t<div class=\"elementor-widget-container\">\n\t\t\t\t\t\t\t\t\t<p>En cumplimiento del deber de informar recogido en el art\u00edculo 10 de la Ley 34\/2002, de 11 de julio, de Servicios de la Sociedad de la Informaci\u00f3n y del Comercio Electr\u00f3nico, a continuaci\u00f3n se reflejan los siguientes datos:<\/p>\t\t\t\t\t\t\t\t<\/div>\n\t\t\t\t<\/div>\n\t\t\t\t<div class=\"elementor-element elementor-element-72be281 elementor-widget elementor-widget-text-editor\" data-id=\"72be281\" data-element_type=\"widget\" data-widget_type=\"text-editor.default\">\n\t\t\t\t<div class=\"elementor-widget-container\">\n\t\t\t\t\t\t\t\t\t<ul><li>Empresa titular de esta web: ROMEU YUSTE, S.L.<\/li><li>C.I.F.: B25815382<\/li><li>Domicilio: C\/ T\u00e9rmens 6, pl 1. 25190 Lleida <\/li><li>Datos registrales: Registro Mercantil de Lleida, Tomo 1.471, Folio 108, Hoja L-29.695, Inscripci\u00f3n 1.\u00aa, Fecha 23 de agosto de 2016.<\/li><li>Tel\u00e9fono: 973670770<\/li><li>Correo electr\u00f3nico: hola@romeuprenafeta.com<\/li><\/ul>\t\t\t\t\t\t\t\t<\/div>\n\t\t\t\t<\/div>\n\t\t\t\t<div class=\"elementor-element elementor-element-e8e1274 elementor-widget elementor-widget-heading\" data-id=\"e8e1274\" data-element_type=\"widget\" data-widget_type=\"heading.default\">\n\t\t\t\t<div class=\"elementor-widget-container\">\n\t\t\t\t\t<h2 class=\"elementor-heading-title elementor-size-default\">OBJETO<\/h2>\t\t\t\t<\/div>\n\t\t\t\t<\/div>\n\t\t\t\t<div class=\"elementor-element elementor-element-9260104 elementor-widget elementor-widget-text-editor\" data-id=\"9260104\" data-element_type=\"widget\" data-widget_type=\"text-editor.default\">\n\t\t\t\t<div class=\"elementor-widget-container\">\n\t\t\t\t\t\t\t\t\t<p>El responsable pone a disposici\u00f3n de los usuarios el presente documento con el que pretende dar cumplimiento a lo dispuesto en la normativa vigente en materia de protecci\u00f3n de datos, y en el contexto del nuevo marco normativo establecido en virtud del Reglamento (UE) 2016\/679 del Parlamento Europeo y del Consejo, de 27 de abril de 2016, relativo a la protecci\u00f3n de las personas f\u00edsicas en lo que respecta al tratamiento de datos personales y a la libre circulaci\u00f3n de estos datos (en adelante, el \u201cRGPD\u201d), y la normativa nacional Ley Org\u00e1nica de Protecci\u00f3n de Datos y Garant\u00eda de los Derechos Digitales (en adelante, la \u201cLOPDGDD\u201d), as\u00ed como informar a todos los usuarios del sitio web.<br>respecto a cu\u00e1les son las condiciones de uso del mismo.<\/p>\t\t\t\t\t\t\t\t<\/div>\n\t\t\t\t<\/div>\n\t\t\t\t<div class=\"elementor-element elementor-element-ddc8d59 elementor-widget elementor-widget-text-editor\" data-id=\"ddc8d59\" data-element_type=\"widget\" data-widget_type=\"text-editor.default\">\n\t\t\t\t<div class=\"elementor-widget-container\">\n\t\t\t\t\t\t\t\t\t<p>Toda persona que acceda a este sitio web asume el papel de usuario, comprometi\u00e9ndose a la observancia y cumplimiento riguroso de las disposiciones aqu\u00ed dispuestas, as\u00ed como de cualquier otra disposici\u00f3n legal aplicable.<\/p>\t\t\t\t\t\t\t\t<\/div>\n\t\t\t\t<\/div>\n\t\t\t\t<div class=\"elementor-element elementor-element-bbaf313 elementor-widget elementor-widget-text-editor\" data-id=\"bbaf313\" data-element_type=\"widget\" data-widget_type=\"text-editor.default\">\n\t\t\t\t<div class=\"elementor-widget-container\">\n\t\t\t\t\t\t\t\t\t<p>El Responsable se reserva el derecho a modificar cualquier tipo de informaci\u00f3n publicada en el sitio web, sin que exista obligaci\u00f3n de preavisar o poner en conocimiento de los usuarios dichas modificaciones, entendi\u00e9ndose como suficiente la publicaci\u00f3n en el sitio web del Responsable.<\/p>\t\t\t\t\t\t\t\t<\/div>\n\t\t\t\t<\/div>\n\t\t\t\t<div class=\"elementor-element elementor-element-23ce1e5 elementor-widget elementor-widget-heading\" data-id=\"23ce1e5\" data-element_type=\"widget\" data-widget_type=\"heading.default\">\n\t\t\t\t<div class=\"elementor-widget-container\">\n\t\t\t\t\t<h2 class=\"elementor-heading-title elementor-size-default\">RESPONSABILIDAD<\/h2>\t\t\t\t<\/div>\n\t\t\t\t<\/div>\n\t\t\t\t<div class=\"elementor-element elementor-element-51c9245 elementor-widget elementor-widget-text-editor\" data-id=\"51c9245\" data-element_type=\"widget\" data-widget_type=\"text-editor.default\">\n\t\t\t\t<div class=\"elementor-widget-container\">\n\t\t\t\t\t\t\t\t\t<p>El Responsable se exime de cualquier tipo de responsabilidad derivada de la informaci\u00f3n publicada en su sitio web que haya sido manipulada o introducida por un tercero ajeno al mismo.<\/p>\t\t\t\t\t\t\t\t<\/div>\n\t\t\t\t<\/div>\n\t\t\t\t<div class=\"elementor-element elementor-element-cf581de elementor-widget elementor-widget-heading\" data-id=\"cf581de\" data-element_type=\"widget\" data-widget_type=\"heading.default\">\n\t\t\t\t<div class=\"elementor-widget-container\">\n\t\t\t\t\t<h2 class=\"elementor-heading-title elementor-size-default\">DIRECCIONES IP\n\n<\/h2>\t\t\t\t<\/div>\n\t\t\t\t<\/div>\n\t\t\t\t<div class=\"elementor-element elementor-element-7e998a6 elementor-widget elementor-widget-text-editor\" data-id=\"7e998a6\" data-element_type=\"widget\" data-widget_type=\"text-editor.default\">\n\t\t\t\t<div class=\"elementor-widget-container\">\n\t\t\t\t\t\t\t\t\t<p>Los servidores del sitio web detectan de manera autom\u00e1tica la direcci\u00f3n IP y el nombre de dominio utilizados por el usuario.<\/p>\t\t\t\t\t\t\t\t<\/div>\n\t\t\t\t<\/div>\n\t\t\t\t<div class=\"elementor-element elementor-element-a956200 elementor-widget elementor-widget-text-editor\" data-id=\"a956200\" data-element_type=\"widget\" data-widget_type=\"text-editor.default\">\n\t\t\t\t<div class=\"elementor-widget-container\">\n\t\t\t\t\t\t\t\t\t<p>Una direcci\u00f3n IP es un n\u00famero asignado autom\u00e1ticamente a un ordenador cuando este se conecta a Internet. Toda esta informaci\u00f3n queda registrada en un archivo de actividad del servidor, que permite el posterior procesamiento de los datos con la finalidad de obtener medidas \u00fanicamente estad\u00edsticas que permitan conocer el n\u00famero de impresiones de p\u00e1ginas, el n\u00famero de visitas realizadas a los servidores web, el orden de las visitas, el punto de acceso, etc. <\/p>\t\t\t\t\t\t\t\t<\/div>\n\t\t\t\t<\/div>\n\t\t\t\t<div class=\"elementor-element elementor-element-76ac5b3 elementor-widget elementor-widget-heading\" data-id=\"76ac5b3\" data-element_type=\"widget\" data-widget_type=\"heading.default\">\n\t\t\t\t<div class=\"elementor-widget-container\">\n\t\t\t\t\t<h2 class=\"elementor-heading-title elementor-size-default\">POL\u00cdTICA DE ENLACES\n\n\n<\/h2>\t\t\t\t<\/div>\n\t\t\t\t<\/div>\n\t\t\t\t<div class=\"elementor-element elementor-element-1b38be8 elementor-widget elementor-widget-text-editor\" data-id=\"1b38be8\" data-element_type=\"widget\" data-widget_type=\"text-editor.default\">\n\t\t\t\t<div class=\"elementor-widget-container\">\n\t\t\t\t\t\t\t\t\t<p>Desde el presente sitio web es posible que se redirija a contenidos de sitios web de terceros. Dado que el Responsable no puede controlar siempre los contenidos introducidos por terceros en sus respectivos sitios web, no asume ning\u00fan tipo de responsabilidad respecto a dichos contenidos. En todo caso, el Responsable manifiesta que proceder\u00e1 a la retirada inmediata de cualquier contenido que pudiera contravenir la legislaci\u00f3n nacional o internacional, la moral o el orden p\u00fablico, procediendo a la eliminaci\u00f3n inmediata de la redirecci\u00f3n a dicho sitio web, poniendo en conocimiento de las autoridades competentes el contenido en cuesti\u00f3n.  <\/p>\t\t\t\t\t\t\t\t<\/div>\n\t\t\t\t<\/div>\n\t\t\t\t<div class=\"elementor-element elementor-element-ce94fdd elementor-widget elementor-widget-text-editor\" data-id=\"ce94fdd\" data-element_type=\"widget\" data-widget_type=\"text-editor.default\">\n\t\t\t\t<div class=\"elementor-widget-container\">\n\t\t\t\t\t\t\t\t\t<p>El Responsable no se hace responsable de la informaci\u00f3n y contenidos almacenados, a t\u00edtulo enunciativo pero no limitativo, en foros, chats, generadores de blogs, comentarios, redes sociales o cualquier otro medio que permita a terceros publicar contenidos de forma independiente en la p\u00e1gina web del Responsable. No obstante, y en cumplimiento de lo dispuesto en los art\u00edculos 11 y 16 de la LSSICE, el Responsable se pone a disposici\u00f3n de todos los usuarios, autoridades y fuerzas de seguridad, colaborando de forma activa en la retirada o, en su caso, bloqueo de todos aquellos contenidos que puedan afectar o contravenir la legislaci\u00f3n nacional o internacional, derechos de terceros o la moral y el orden p\u00fablico. En caso de que el usuario considere que existe en el sitio web alg\u00fan contenido que pudiera ser susceptible de esta clasificaci\u00f3n, se ruega lo notifique de forma inmediata al administrador del sitio web.   <\/p>\t\t\t\t\t\t\t\t<\/div>\n\t\t\t\t<\/div>\n\t\t\t\t<div class=\"elementor-element elementor-element-4dad92d elementor-widget elementor-widget-text-editor\" data-id=\"4dad92d\" data-element_type=\"widget\" data-widget_type=\"text-editor.default\">\n\t\t\t\t<div class=\"elementor-widget-container\">\n\t\t\t\t\t\t\t\t\t<p>Este sitio web ha sido revisado y probado para que funcione correctamente. En principio, puede garantizarse su correcto funcionamiento los 365 d\u00edas del a\u00f1o, las 24 horas del d\u00eda. No obstante, el Responsable no descarta la posibilidad de que existan ciertos errores de programaci\u00f3n, o que se produzcan causas de fuerza mayor, cat\u00e1strofes naturales, huelgas u otras circunstancias similares que hagan imposible el acceso a la p\u00e1gina web.  <\/p>\t\t\t\t\t\t\t\t<\/div>\n\t\t\t\t<\/div>\n\t\t\t\t<div class=\"elementor-element elementor-element-01ebf20 elementor-widget elementor-widget-heading\" data-id=\"01ebf20\" data-element_type=\"widget\" data-widget_type=\"heading.default\">\n\t\t\t\t<div class=\"elementor-widget-container\">\n\t\t\t\t\t<h2 class=\"elementor-heading-title elementor-size-default\">PROTECCI\u00d3N DE DATOS\n\n\n\n<\/h2>\t\t\t\t<\/div>\n\t\t\t\t<\/div>\n\t\t\t\t<div class=\"elementor-element elementor-element-187b137 elementor-widget elementor-widget-text-editor\" data-id=\"187b137\" data-element_type=\"widget\" data-widget_type=\"text-editor.default\">\n\t\t\t\t<div class=\"elementor-widget-container\">\n\t\t\t\t\t\t\t\t\t<p>El Responsable cumple con lo dispuesto en el Reglamento (UE) 2016\/679 del Parlamento Europeo y del Consejo, de 27 de abril de 2016, relativo a la protecci\u00f3n de las personas f\u00edsicas en lo que respecta al tratamiento de datos personales y a la libre circulaci\u00f3n de estos datos (RGPD), y con la normativa nacional Ley Org\u00e1nica de Protecci\u00f3n de Datos y Garant\u00eda de los Derechos Digitales (LOPDGDD).<\/p>\t\t\t\t\t\t\t\t<\/div>\n\t\t\t\t<\/div>\n\t\t\t\t<div class=\"elementor-element elementor-element-73917a7 elementor-widget elementor-widget-text-editor\" data-id=\"73917a7\" data-element_type=\"widget\" data-widget_type=\"text-editor.default\">\n\t\t\t\t<div class=\"elementor-widget-container\">\n\t\t\t\t\t\t\t\t\t<p>Asi mismo, el Responsable informa que da cumplimiento a la Ley 34\/2002, de 11 de julio, de Servicios de la Sociedad de la Informaci\u00f3n y del Comercio Electr\u00f3nico, y solicitar\u00e1 su consentimiento para el tratamiento de sus datos con fines comerciales en cada momento.<\/p>\t\t\t\t\t\t\t\t<\/div>\n\t\t\t\t<\/div>\n\t\t\t\t<div class=\"elementor-element elementor-element-6edee26 elementor-widget elementor-widget-heading\" data-id=\"6edee26\" data-element_type=\"widget\" data-widget_type=\"heading.default\">\n\t\t\t\t<div class=\"elementor-widget-container\">\n\t\t\t\t\t<h2 class=\"elementor-heading-title elementor-size-default\">PROPIEDAD INTELECTUAL E INDUSTRIAL\n\n\n\n<\/h2>\t\t\t\t<\/div>\n\t\t\t\t<\/div>\n\t\t\t\t<div class=\"elementor-element elementor-element-12e0c9e elementor-widget elementor-widget-text-editor\" data-id=\"12e0c9e\" data-element_type=\"widget\" data-widget_type=\"text-editor.default\">\n\t\t\t\t<div class=\"elementor-widget-container\">\n\t\t\t\t\t\t\t\t\t<p>El sitio web, incluyendo a t\u00edtulo enunciativo pero no limitativo su programaci\u00f3n, edici\u00f3n, compilaci\u00f3n y dem\u00e1s elementos necesarios para su funcionamiento, los dise\u00f1os, logotipos, textos y\/o gr\u00e1ficos son propiedad del Responsable o, en su caso, dispone de licencia o autorizaci\u00f3n expresa por parte de los autores.<\/p>\t\t\t\t\t\t\t\t<\/div>\n\t\t\t\t<\/div>\n\t\t\t\t<div class=\"elementor-element elementor-element-6ce2a44 elementor-widget elementor-widget-text-editor\" data-id=\"6ce2a44\" data-element_type=\"widget\" data-widget_type=\"text-editor.default\">\n\t\t\t\t<div class=\"elementor-widget-container\">\n\t\t\t\t\t\t\t\t\t<p>Todos los contenidos del sitio web se encuentran debidamente protegidos por la normativa de propiedad intelectual e industrial.<\/p>\t\t\t\t\t\t\t\t<\/div>\n\t\t\t\t<\/div>\n\t\t\t\t<div class=\"elementor-element elementor-element-d7583bc elementor-widget elementor-widget-text-editor\" data-id=\"d7583bc\" data-element_type=\"widget\" data-widget_type=\"text-editor.default\">\n\t\t\t\t<div class=\"elementor-widget-container\">\n\t\t\t\t\t\t\t\t\t<p>Independientemente de la finalidad para la que fueran destinados, la reproducci\u00f3n total o parcial, uso, explotaci\u00f3n, distribuci\u00f3n y comercializaci\u00f3n requieren en todo caso la autorizaci\u00f3n escrita previa por parte del Responsable. Cualquier uso no autorizado previamente por el Responsable ser\u00e1 considerado un incumplimiento grave de los derechos de propiedad intelectual o industrial del autor. <\/p>\t\t\t\t\t\t\t\t<\/div>\n\t\t\t\t<\/div>\n\t\t\t\t<div class=\"elementor-element elementor-element-531fc69 elementor-widget elementor-widget-text-editor\" data-id=\"531fc69\" data-element_type=\"widget\" data-widget_type=\"text-editor.default\">\n\t\t\t\t<div class=\"elementor-widget-container\">\n\t\t\t\t\t\t\t\t\t<p>Los dise\u00f1os, logotipos, textos y\/o gr\u00e1ficos ajenos al prestador y que pudieran aparecer en el sitio web pertenecen a sus respectivos propietarios, siendo ellos mismos responsables de cualquier posible controversia que pudiera suscitarse respecto a los mismos. En todo caso, el Responsable cuenta con la autorizaci\u00f3n expresa y previa por parte de dichos propietarios. <\/p>\t\t\t\t\t\t\t\t<\/div>\n\t\t\t\t<\/div>\n\t\t\t\t<div class=\"elementor-element elementor-element-0e9e3b3 elementor-widget elementor-widget-text-editor\" data-id=\"0e9e3b3\" data-element_type=\"widget\" data-widget_type=\"text-editor.default\">\n\t\t\t\t<div class=\"elementor-widget-container\">\n\t\t\t\t\t\t\t\t\t<p>El Responsable autoriza expresamente a que terceros puedan redirigir directamente a los contenidos concretos del sitio web, y en todo caso, redirigir a la p\u00e1gina principal del sitio web del Responsable.<\/p>\t\t\t\t\t\t\t\t<\/div>\n\t\t\t\t<\/div>\n\t\t\t\t<div class=\"elementor-element elementor-element-0dd50d8 elementor-widget elementor-widget-text-editor\" data-id=\"0dd50d8\" data-element_type=\"widget\" data-widget_type=\"text-editor.default\">\n\t\t\t\t<div class=\"elementor-widget-container\">\n\t\t\t\t\t\t\t\t\t<p>El Responsable reconoce a favor de sus titulares los correspondientes derechos de propiedad intelectual e industrial. Que dicha propiedad se mencione o aparezca en el sitio web no implica que el Responsable tenga derecho alguno sobre ella, ni responsabilidad alguna, ni tampoco que la respalde, patrocine o recomiende. <\/p>\t\t\t\t\t\t\t\t<\/div>\n\t\t\t\t<\/div>\n\t\t\t\t<div class=\"elementor-element elementor-element-07343ff elementor-widget elementor-widget-text-editor\" data-id=\"07343ff\" data-element_type=\"widget\" data-widget_type=\"text-editor.default\">\n\t\t\t\t<div class=\"elementor-widget-container\">\n\t\t\t\t\t\t\t\t\t<p>Para todas aquellas im\u00e1genes en las que el software de dise\u00f1o lo permite, se han incluido las referencias correspondientes a la autor\u00eda y licencia correspondiente.<\/p>\t\t\t\t\t\t\t\t<\/div>\n\t\t\t\t<\/div>\n\t\t\t\t<div class=\"elementor-element elementor-element-4ce08a7 elementor-widget elementor-widget-text-editor\" data-id=\"4ce08a7\" data-element_type=\"widget\" data-widget_type=\"text-editor.default\">\n\t\t\t\t<div class=\"elementor-widget-container\">\n\t\t\t\t\t\t\t\t\t<p>Para realizar cualquier tipo de observaci\u00f3n respecto a posibles incumplimientos de los derechos de propiedad intelectual o industrial, as\u00ed como sobre cualquiera de los contenidos del sitio web, puede hacerlo por escrito a la direcci\u00f3n indicada en el encabezado.<\/p>\t\t\t\t\t\t\t\t<\/div>\n\t\t\t\t<\/div>\n\t\t\t\t<div class=\"elementor-element elementor-element-6ea2559 elementor-widget elementor-widget-heading\" data-id=\"6ea2559\" data-element_type=\"widget\" data-widget_type=\"heading.default\">\n\t\t\t\t<div class=\"elementor-widget-container\">\n\t\t\t\t\t<h2 class=\"elementor-heading-title elementor-size-default\">SSL\n\n\n<\/h2>\t\t\t\t<\/div>\n\t\t\t\t<\/div>\n\t\t\t\t<div class=\"elementor-element elementor-element-b4410ad elementor-widget elementor-widget-text-editor\" data-id=\"b4410ad\" data-element_type=\"widget\" data-widget_type=\"text-editor.default\">\n\t\t\t\t<div class=\"elementor-widget-container\">\n\t\t\t\t\t\t\t\t\t<p>El Responsable ha contratado para su sitio web un certificado SSL (\u201cSecure Sockets Layer\u201d).<\/p>\t\t\t\t\t\t\t\t<\/div>\n\t\t\t\t<\/div>\n\t\t\t\t<div class=\"elementor-element elementor-element-fae11fa elementor-widget elementor-widget-text-editor\" data-id=\"fae11fa\" data-element_type=\"widget\" data-widget_type=\"text-editor.default\">\n\t\t\t\t<div class=\"elementor-widget-container\">\n\t\t\t\t\t\t\t\t\t<p>Un certificado SSL permite proteger toda la informaci\u00f3n personal y confidencial que se pueda gestionar en un sitio web, independientemente de la informaci\u00f3n que se transmita, como por ejemplo, desde cualquiera de los formularios de contacto de la web hasta el servidor, o los datos introducidos para la suscripci\u00f3n a boletines de noticias o accesos a las \u00e1reas protegidas, etc.<\/p>\t\t\t\t\t\t\t\t<\/div>\n\t\t\t\t<\/div>\n\t\t\t\t<div class=\"elementor-element elementor-element-287aa8f elementor-widget elementor-widget-text-editor\" data-id=\"287aa8f\" data-element_type=\"widget\" data-widget_type=\"text-editor.default\">\n\t\t\t\t<div class=\"elementor-widget-container\">\n\t\t\t\t\t\t\t\t\t<p>La direcci\u00f3n del sitio web aparecer\u00e1 en color verde, activando el protocolo \u201chttps\u201d que permite conexiones seguras desde un servidor web al navegador del usuario.<\/p>\t\t\t\t\t\t\t\t<\/div>\n\t\t\t\t<\/div>\n\t\t\t\t\t<\/div>\n\t\t\t\t<\/div>\n\t\t\t\t<\/div>\n\t\t","protected":false},"excerpt":{"rendered":"<p>TITULAR DE LA WEB En cumplimiento del deber de informar recogido en el art\u00edculo 10 de la Ley 34\/2002, de 11 de julio, de Servicios de la Sociedad de la Informaci\u00f3n y del Comercio Electr\u00f3nico, a continuaci\u00f3n se reflejan los siguientes datos: Empresa titular de esta web: ROMEU YUSTE, S.L. C.I.F.: B25815382 Domicilio: C\/ T\u00e9rmens [&hellip;]<\/p>\n","protected":false},"author":1,"featured_media":0,"parent":0,"menu_order":0,"comment_status":"closed","ping_status":"closed","template":"elementor_header_footer","meta":{"footnotes":""},"class_list":["post-16968","page","type-page","status-publish","hentry"],"yoast_head":"<!-- This site is optimized with the Yoast SEO plugin v26.4 - https:\/\/yoast.com\/wordpress\/plugins\/seo\/ -->\n<title>Aviso legal | Romeu Prenafeta<\/title>\n<meta name=\"robots\" content=\"index, follow, max-snippet:-1, max-image-preview:large, max-video-preview:-1\" \/>\n<link rel=\"canonical\" href=\"https:\/\/romeuprenafeta.com\/es\/aviso-legal\/\" \/>\n<meta property=\"og:locale\" content=\"es_ES\" \/>\n<meta property=\"og:type\" content=\"article\" \/>\n<meta property=\"og:title\" content=\"Aviso legal | Romeu Prenafeta\" \/>\n<meta property=\"og:description\" content=\"TITULAR DE LA WEB En cumplimiento del deber de informar recogido en el art\u00edculo 10 de la Ley 34\/2002, de 11 de julio, de Servicios de la Sociedad de la Informaci\u00f3n y del Comercio Electr\u00f3nico, a continuaci\u00f3n se reflejan los siguientes datos: Empresa titular de esta web: ROMEU YUSTE, S.L. C.I.F.: B25815382 Domicilio: C\/ T\u00e9rmens [&hellip;]\" \/>\n<meta property=\"og:url\" content=\"https:\/\/romeuprenafeta.com\/es\/aviso-legal\/\" \/>\n<meta property=\"og:site_name\" content=\"Romeu Prenafeta\" \/>\n<meta property=\"article:publisher\" content=\"https:\/\/www.facebook.com\/romeuprenafeta\" \/>\n<meta property=\"article:modified_time\" content=\"2025-11-11T10:26:10+00:00\" \/>\n<meta name=\"twitter:card\" content=\"summary_large_image\" \/>\n<meta name=\"twitter:site\" content=\"@RomeuPrenafeta_\" \/>\n<meta name=\"twitter:label1\" content=\"Tiempo de lectura\" \/>\n\t<meta name=\"twitter:data1\" content=\"7 minutos\" \/>\n<script type=\"application\/ld+json\" class=\"yoast-schema-graph\">{\"@context\":\"https:\/\/schema.org\",\"@graph\":[{\"@type\":\"WebPage\",\"@id\":\"https:\/\/romeuprenafeta.com\/es\/aviso-legal\/\",\"url\":\"https:\/\/romeuprenafeta.com\/es\/aviso-legal\/\",\"name\":\"Aviso legal | Romeu Prenafeta\",\"isPartOf\":{\"@id\":\"https:\/\/romeuprenafeta.com\/es\/#website\"},\"datePublished\":\"2025-05-15T11:52:35+00:00\",\"dateModified\":\"2025-11-11T10:26:10+00:00\",\"breadcrumb\":{\"@id\":\"https:\/\/romeuprenafeta.com\/es\/aviso-legal\/#breadcrumb\"},\"inLanguage\":\"es\",\"potentialAction\":[{\"@type\":\"ReadAction\",\"target\":[\"https:\/\/romeuprenafeta.com\/es\/aviso-legal\/\"]}]},{\"@type\":\"BreadcrumbList\",\"@id\":\"https:\/\/romeuprenafeta.com\/es\/aviso-legal\/#breadcrumb\",\"itemListElement\":[{\"@type\":\"ListItem\",\"position\":1,\"name\":\"Inici\",\"item\":\"https:\/\/romeuprenafeta.com\/es\/romeu-prenafeta\/\"},{\"@type\":\"ListItem\",\"position\":2,\"name\":\"Aviso legal\"}]},{\"@type\":\"WebSite\",\"@id\":\"https:\/\/romeuprenafeta.com\/es\/#website\",\"url\":\"https:\/\/romeuprenafeta.com\/es\/\",\"name\":\"Romeu Prenafeta\",\"description\":\"\",\"publisher\":{\"@id\":\"https:\/\/romeuprenafeta.com\/es\/#organization\"},\"potentialAction\":[{\"@type\":\"SearchAction\",\"target\":{\"@type\":\"EntryPoint\",\"urlTemplate\":\"https:\/\/romeuprenafeta.com\/es\/?s={search_term_string}\"},\"query-input\":{\"@type\":\"PropertyValueSpecification\",\"valueRequired\":true,\"valueName\":\"search_term_string\"}}],\"inLanguage\":\"es\"},{\"@type\":\"Organization\",\"@id\":\"https:\/\/romeuprenafeta.com\/es\/#organization\",\"name\":\"Romeu Prenafeta\",\"url\":\"https:\/\/romeuprenafeta.com\/es\/\",\"logo\":{\"@type\":\"ImageObject\",\"inLanguage\":\"es\",\"@id\":\"https:\/\/romeuprenafeta.com\/es\/#\/schema\/logo\/image\/\",\"url\":\"https:\/\/romeuprenafeta.com\/wp-content\/uploads\/2025\/06\/cropped-RP_2024_Logo-blanc-verd-2.png\",\"contentUrl\":\"https:\/\/romeuprenafeta.com\/wp-content\/uploads\/2025\/06\/cropped-RP_2024_Logo-blanc-verd-2.png\",\"width\":2351,\"height\":1357,\"caption\":\"Romeu Prenafeta\"},\"image\":{\"@id\":\"https:\/\/romeuprenafeta.com\/es\/#\/schema\/logo\/image\/\"},\"sameAs\":[\"https:\/\/www.facebook.com\/romeuprenafeta\",\"https:\/\/x.com\/RomeuPrenafeta_\",\"https:\/\/www.linkedin.com\/company\/romeu-prenafeta\",\"https:\/\/www.instagram.com\/romeuprenafeta\",\"https:\/\/www.youtube.com\/channel\/UCIYJP_52XR_qaQxfrS7twOw\",\"https:\/\/www.tiktok.com\/@romeuprenafeta\"]}]}<\/script>\n<!-- \/ Yoast SEO plugin. -->","yoast_head_json":{"title":"Aviso legal | Romeu Prenafeta","robots":{"index":"index","follow":"follow","max-snippet":"max-snippet:-1","max-image-preview":"max-image-preview:large","max-video-preview":"max-video-preview:-1"},"canonical":"https:\/\/romeuprenafeta.com\/es\/aviso-legal\/","og_locale":"es_ES","og_type":"article","og_title":"Aviso legal | Romeu Prenafeta","og_description":"TITULAR DE LA WEB En cumplimiento del deber de informar recogido en el art\u00edculo 10 de la Ley 34\/2002, de 11 de julio, de Servicios de la Sociedad de la Informaci\u00f3n y del Comercio Electr\u00f3nico, a continuaci\u00f3n se reflejan los siguientes datos: Empresa titular de esta web: ROMEU YUSTE, S.L. C.I.F.: B25815382 Domicilio: C\/ T\u00e9rmens [&hellip;]","og_url":"https:\/\/romeuprenafeta.com\/es\/aviso-legal\/","og_site_name":"Romeu Prenafeta","article_publisher":"https:\/\/www.facebook.com\/romeuprenafeta","article_modified_time":"2025-11-11T10:26:10+00:00","twitter_card":"summary_large_image","twitter_site":"@RomeuPrenafeta_","twitter_misc":{"Tiempo de lectura":"7 minutos"},"schema":{"@context":"https:\/\/schema.org","@graph":[{"@type":"WebPage","@id":"https:\/\/romeuprenafeta.com\/es\/aviso-legal\/","url":"https:\/\/romeuprenafeta.com\/es\/aviso-legal\/","name":"Aviso legal | Romeu Prenafeta","isPartOf":{"@id":"https:\/\/romeuprenafeta.com\/es\/#website"},"datePublished":"2025-05-15T11:52:35+00:00","dateModified":"2025-11-11T10:26:10+00:00","breadcrumb":{"@id":"https:\/\/romeuprenafeta.com\/es\/aviso-legal\/#breadcrumb"},"inLanguage":"es","potentialAction":[{"@type":"ReadAction","target":["https:\/\/romeuprenafeta.com\/es\/aviso-legal\/"]}]},{"@type":"BreadcrumbList","@id":"https:\/\/romeuprenafeta.com\/es\/aviso-legal\/#breadcrumb","itemListElement":[{"@type":"ListItem","position":1,"name":"Inici","item":"https:\/\/romeuprenafeta.com\/es\/romeu-prenafeta\/"},{"@type":"ListItem","position":2,"name":"Aviso legal"}]},{"@type":"WebSite","@id":"https:\/\/romeuprenafeta.com\/es\/#website","url":"https:\/\/romeuprenafeta.com\/es\/","name":"Romeu Prenafeta","description":"","publisher":{"@id":"https:\/\/romeuprenafeta.com\/es\/#organization"},"potentialAction":[{"@type":"SearchAction","target":{"@type":"EntryPoint","urlTemplate":"https:\/\/romeuprenafeta.com\/es\/?s={search_term_string}"},"query-input":{"@type":"PropertyValueSpecification","valueRequired":true,"valueName":"search_term_string"}}],"inLanguage":"es"},{"@type":"Organization","@id":"https:\/\/romeuprenafeta.com\/es\/#organization","name":"Romeu Prenafeta","url":"https:\/\/romeuprenafeta.com\/es\/","logo":{"@type":"ImageObject","inLanguage":"es","@id":"https:\/\/romeuprenafeta.com\/es\/#\/schema\/logo\/image\/","url":"https:\/\/romeuprenafeta.com\/wp-content\/uploads\/2025\/06\/cropped-RP_2024_Logo-blanc-verd-2.png","contentUrl":"https:\/\/romeuprenafeta.com\/wp-content\/uploads\/2025\/06\/cropped-RP_2024_Logo-blanc-verd-2.png","width":2351,"height":1357,"caption":"Romeu Prenafeta"},"image":{"@id":"https:\/\/romeuprenafeta.com\/es\/#\/schema\/logo\/image\/"},"sameAs":["https:\/\/www.facebook.com\/romeuprenafeta","https:\/\/x.com\/RomeuPrenafeta_","https:\/\/www.linkedin.com\/company\/romeu-prenafeta","https:\/\/www.instagram.com\/romeuprenafeta","https:\/\/www.youtube.com\/channel\/UCIYJP_52XR_qaQxfrS7twOw","https:\/\/www.tiktok.com\/@romeuprenafeta"]}]}},"_links":{"self":[{"href":"https:\/\/romeuprenafeta.com\/es\/wp-json\/wp\/v2\/pages\/16968","targetHints":{"allow":["GET"]}}],"collection":[{"href":"https:\/\/romeuprenafeta.com\/es\/wp-json\/wp\/v2\/pages"}],"about":[{"href":"https:\/\/romeuprenafeta.com\/es\/wp-json\/wp\/v2\/types\/page"}],"author":[{"embeddable":true,"href":"https:\/\/romeuprenafeta.com\/es\/wp-json\/wp\/v2\/users\/1"}],"replies":[{"embeddable":true,"href":"https:\/\/romeuprenafeta.com\/es\/wp-json\/wp\/v2\/comments?post=16968"}],"version-history":[{"count":4,"href":"https:\/\/romeuprenafeta.com\/es\/wp-json\/wp\/v2\/pages\/16968\/revisions"}],"predecessor-version":[{"id":22050,"href":"https:\/\/romeuprenafeta.com\/es\/wp-json\/wp\/v2\/pages\/16968\/revisions\/22050"}],"wp:attachment":[{"href":"https:\/\/romeuprenafeta.com\/es\/wp-json\/wp\/v2\/media?parent=16968"}],"curies":[{"name":"wp","href":"https:\/\/api.w.org\/{rel}","templated":true}]}}